{"id":225,"date":"2015-10-26T15:25:36","date_gmt":"2015-10-26T14:25:36","guid":{"rendered":"http:\/\/savourturkey.com\/cz\/?page_id=225"},"modified":"2019-12-02T17:03:09","modified_gmt":"2019-12-02T16:03:09","slug":"kackar-ararat","status":"publish","type":"page","link":"https:\/\/savourturkey.com\/cz\/turistika\/horska-turistika\/kackar-ararat\/","title":{"rendered":"Ka\u00e7kar &#8211; Ararat"},"content":{"rendered":"<p>&nbsp;<\/p>\n<p><a href=\"https:\/\/savourturkey.com\/cz\/wp-content\/uploads\/sites\/2\/2015\/11\/ST-Yal-e1447078255105.jpg\"><img loading=\"lazy\" decoding=\"async\" class=\"alignnone size-full wp-image-484\" src=\"https:\/\/savourturkey.com\/cz\/wp-content\/uploads\/sites\/2\/2015\/11\/ST-Yal-e1447078255105.jpg\" alt=\"\" width=\"3000\" height=\"1987\" \/><\/a><\/p>\n<p>&nbsp;<\/p>\n<p><strong>D\u00e9lka programu<\/strong>: 14 dn\u00ed<\/p>\n<p>&nbsp;<\/p>\n<p><strong>Term\u00edn:<\/strong> kv\u011bten &#8211; z\u00e1\u0159\u00ed<\/p>\n<p>&nbsp;<\/p>\n<p><strong>Podm\u00ednky realizace:<\/strong><\/p>\n<p>Skupina minim\u00e1ln\u011b 8 lid\u00ed.<\/p>\n<p>Je-li v\u00e1s men\u0161\u00ed po\u010det osob, napi\u0161te n\u00e1m.<\/p>\n<p>&nbsp;<\/p>\n<p><strong>POD\u00cdVEJTE SE NA MAPU, NA M\u00cdSTO NA\u0160\u00cd CESTY<\/strong><\/p>\n<p><iframe loading=\"lazy\" style=\"border: 0;\" src=\"https:\/\/www.google.com\/maps\/embed?pb=!1m14!1m12!1m3!1d386190.79667720007!2d41.12781413106002!3d40.86933725338362!2m3!1f0!2f0!3f0!3m2!1i1024!2i768!4f13.1!5e0!3m2!1scs!2sus!4v1449330672958\" width=\"400\" height=\"300\" frameborder=\"0\" allowfullscreen=\"allowfullscreen\"><\/iframe><\/p>\n<p>&nbsp;<\/p>\n<p><strong>PROGRAM<\/strong><\/p>\n<p style=\"text-align: justify;\">Pozn\u00e1me panenskou kr\u00e1su poho\u0159\u00ed\u00a0<strong>Ka\u00e7karu<\/strong> &#8211; hust\u00e9 lesy, leskl\u00e1 jezera \u010di pestrobarevn\u00e9 kv\u011bty horsk\u00fdch luk. M\u016f\u017eete pozorovat po\u010detn\u00e9 ptactvo a p\u0159i tro\u0161e \u0161t\u011bst\u00ed spat\u0159\u00edte i medv\u011bdy a kozoro\u017ece.<\/p>\n<p style=\"text-align: justify;\">V horsk\u00e9 vesni\u010dce <strong>Yaylalar <\/strong>uvid\u00edme, \u017ee jde zastavit \u010das. Vychutn\u00e1me si poklidnou atmosf\u00e9ru s pohledem na zelen\u00e9 pastviny pln\u00e9 pasouc\u00edch se ovc\u00ed a krav.<\/p>\n<p>V roce 1959 tureck\u00fd arm\u00e1dn\u00ed kapit\u00e1n Ilhan Durupinar objevil p\u0159i po\u0159izov\u00e1n\u00ed leteck\u00fdch fotografi\u00ed neobvykl\u00fd \u00fatvar. Zvl\u00e1\u0161tn\u00ed celek, v\u011bt\u0161\u00ed ne\u017e fotbalov\u00e9 h\u0159i\u0161t\u011b, vystupoval z drsn\u00e9ho a skalnat\u00e9ho ter\u00e9nu v nadmo\u0159sk\u00e9 v\u00fd\u0161ce 1.966 m, v bl\u00edzkosti turecko &#8211; \u00edr\u00e1nsk\u00e9 hranice. Noemova archa byla objevena! B\u011bhem na\u0161eho v\u00fdletu pozn\u00e1me na vlastn\u00ed o\u010di\u00a0b\u00e1jnou\u00a0<strong><em>Noemovu archu<\/em><\/strong>, po n\u00ed\u017e se m\u016f\u017eeme proj\u00edt a nav\u0161t\u00edv\u00edme m\u00edstn\u00ed muzeum.<\/p>\n<p>Vykoupeme se v<strong><em>\u00a0<\/em><\/strong><strong><em>hork\u00fdch sirn\u00fdch pramenech u \u0159eky Murat<\/em><\/strong><em>,<\/em>\u00a0kter\u00e9 dodaj\u00ed novou vzpruhu na\u0161im kloub\u016fm, sval\u016fm a\u00a0u\u017eijeme si piknik v\u00a0n\u00e1dhern\u00e9 panensk\u00e9 p\u0159\u00edrod\u011b.<\/p>\n<p style=\"text-align: justify;\">Vystoup\u00edme na nejvy\u0161\u0161\u00ed horu Turecka, na b\u00e1jn\u00fd<strong><em>\u00a0<\/em><\/strong><strong><em>Ararat<\/em><\/strong><em>\u00a0<\/em>(5.165 m), kter\u00fd je uct\u00edvan\u00fd jako svat\u00e1 hora. V\u00fdstup je technicky snadn\u00fd a prob\u00edh\u00e1 po jedin\u00e9 povolen\u00e9 trase.\u00a0Cestou uvid\u00edte kurdsk\u00e9 rodiny \u017eij\u00edc\u00ed na svaz\u00edch Araratu jako nom\u00e1di.<\/p>\n<p style=\"text-align: justify;\">N\u00e1vrat do poh\u00e1dky &#8222;Tis\u00edc a jedna noc&#8220; za\u017eijeme v pal\u00e1ci\u00a0<strong>Ishaka Pa\u0161i.<\/strong>\u00a0Fascinuj\u00edc\u00ed komplex ze 17. stolet\u00ed postavil kurdsk\u00fd em\u00edr na jedn\u00e9 z velk\u00fdch skaln\u00edch mas na vrchu Karaburun, na plo\u0161e 7.600 m2. Strategick\u00e9 m\u00edsto chr\u00e1n\u00edc\u00ed kupeckou stezku vedouc\u00ed horsk\u00fdm pr\u016fsmykem spojovalo v historii Osmanskou a Perskou \u0159\u00ed\u0161i. Prohl\u00e9dneme si cel\u00fd are\u00e1l v\u010detn\u011b haremliku (\u010d\u00e1st pro rodinu a pro \u017eeny), selamliku (\u010d\u00e1st pro mu\u017ee, kde je tak\u00e9 me\u0161ita a zasedac\u00ed s\u00e1l) a provozn\u00ed \u010d\u00e1st (byty str\u00e1\u017e\u00ed, sluh\u016f).<\/p>\n<p style=\"text-align: justify;\"><strong><em>Zav\u00edt\u00e1me do kurdsk\u00e9 rodiny, <\/em><\/strong>kde za\u017eijeme pov\u011bstnou kurdskou pohostinnost v\u00a0podob\u011b tradi\u010dn\u00ed ve\u010de\u0159e. Va\u0161e chu\u0165ov\u00e9 bu\u0148ky pot\u011b\u0161\u00ed v\u00fdborn\u00e1, dom\u00e1c\u00ed kurdsk\u00e1 kuchyn\u011b.<\/p>\n<p style=\"text-align: justify;\">Po v\u00fdstupu si dop\u0159ejeme b\u00e1je\u010dnou relaxaci v tureck\u00e9 l\u00e1zni &#8211; v\u00a0<strong style=\"font-style: inherit;\"><em>hamamu v\u00a0Do\u011fubayazitu. <\/em><\/strong>Na vlastn\u00ed t\u011blo i du\u0161i si vychutn\u00e1me orient\u00e1ln\u00ed atmosf\u00e9ru a celou proceduru, v\u010detn\u011b skv\u011bl\u00e9 tureck\u00e9 mas\u00e1\u017ee.<\/p>\n<p style=\"text-align: justify;\"><strong style=\"font-style: inherit;\"><em>Tradi\u010dn\u00ed ve\u010de\u0159e v kurdsk\u00e9 rodin\u011b.<\/em><\/strong>\u00a0Za\u017eijete pov\u011bstnou kurdskou pohostinnost a va\u0161e chu\u0165ov\u00e9 bu\u0148ky pot\u011b\u0161\u00ed v\u00fdborn\u00e1, dom\u00e1c\u00ed kurdsk\u00e1 kuchyn\u011b.<\/p>\n<p>&nbsp;<\/p>\n<p><a href=\"https:\/\/savourturkey.com\/cz\/wp-content\/uploads\/sites\/2\/2015\/11\/719.jpg\"><img loading=\"lazy\" decoding=\"async\" class=\"alignnone size-full wp-image-387\" src=\"https:\/\/savourturkey.com\/cz\/wp-content\/uploads\/sites\/2\/2015\/11\/719.jpg\" alt=\"\" width=\"594\" height=\"786\" srcset=\"https:\/\/savourturkey.com\/cz\/wp-content\/uploads\/sites\/2\/2015\/11\/719.jpg 594w, https:\/\/savourturkey.com\/cz\/wp-content\/uploads\/sites\/2\/2015\/11\/719-227x300.jpg 227w\" sizes=\"auto, (max-width: 594px) 100vw, 594px\" \/><\/a><\/p>\n<p>&nbsp;<\/p>\n<p><strong>ITINER\u00c1\u0158<\/strong><\/p>\n<p><strong>1. den<\/strong><\/p>\n<p style=\"text-align: justify;\">P\u0159\u00edlet do Erzurumu, z\u00a0leti\u0161t\u011b transfer na sever do poho\u0159\u00ed Ka\u00e7kar do \u00fazk\u00e9ho ka\u0148onu Tortum. Ob\u011bd (ob\u011bdov\u00fd bal\u00ed\u010dek). Cestou divokou p\u0159\u00edrodou trvaj\u00edc\u00ed p\u0159ibli\u017en\u011b dv\u011b hodiny se dostaneme k jezeru Tortum a n\u00e1sledn\u011b do horsk\u00e9 vesnice Yaylalar. Ta se nach\u00e1z\u00ed na ji\u017en\u00edm svahu mas\u00edvu Ka\u00e7kar a bude na\u0161\u00edm v\u00fdchoz\u00edm bodem pro na\u0161e t\u00fary. \u00a0Ve\u010de\u0159e. P\u0159enocov\u00e1n\u00ed ve stanech nebo v penzionu.<\/p>\n<p><strong>2.den<\/strong><\/p>\n<p style=\"text-align: justify;\">Sn\u00eddan\u011b. Aklimatiza\u010dn\u00ed p\u011b\u0161\u00ed turistika kolem vesnice Yaylalar. B\u011bhem p\u011bti hodinov\u00e9ho v\u00fdletu se pokoch\u00e1me n\u00e1dhern\u00fdmi pastvinami pln\u00fdmi pestrobarevn\u00fdch kv\u011btin kolem vesnice. Ob\u011bd. Ve\u010de\u0159e. P\u0159enocov\u00e1n\u00ed ve stanech.<\/p>\n<p><strong>3. den<\/strong><\/p>\n<p style=\"text-align: justify;\">Sn\u00eddan\u011b. V\u00fdstup do z\u00e1kladn\u00edho t\u00e1bora p\u0159es barevn\u00e9 horsk\u00e9 pastviny pln\u00e9 chat a vodn\u00edch ml\u00fdn\u016f a\u017e do z\u00e1kladn\u00edho t\u00e1bora Ka\u00e7kar (2.600 m). Ob\u011bd (ob\u011bdov\u00fd bal\u00ed\u010dek). Zavazadla budou p\u0159evezena ko\u0148mi. Ve\u010de\u0159e. P\u0159enocov\u00e1n\u00ed ve stanech.<\/p>\n<p><strong>4. den<\/strong><\/p>\n<p style=\"text-align: justify;\">Sn\u00eddan\u011b. Brzy r\u00e1no v\u00fdstup na nejvy\u0161\u0161\u00ed vrchol poho\u0159\u00ed Ka\u00e7kar. Na cest\u011b uvid\u00edme horsk\u00e9 jezero Deniz. V \u010dasn\u00e9m odpoledni se dostaneme na vrchol hory Ka\u00e7kar (3.932 m), p\u0159es mal\u00e9 tras a oblast sn\u011bhu a balvan\u016f. Z vrcholu budeme m\u00edt fascinuj\u00edc\u00ed v\u00fdhled na okoln\u00ed horsk\u00e9 krajiny. P\u0159i jasn\u00e9m po\u010das\u00ed m\u016f\u017eeme vid\u011bt Ararat, nejvy\u0161\u0161\u00ed hora Turecka a zasn\u011b\u017een\u00e9 vrcholky Kavkazu. Ob\u011bd (ob\u011bdov\u00fd bal\u00ed\u010dek). Sestup zp\u011bt do t\u00e1bora. Turistika dobu p\u0159ibli\u017en\u011b 8 hodin. Ve\u010de\u0159e. P\u0159enocov\u00e1n\u00ed ve stanech.<\/p>\n<p><strong>5. den<\/strong><\/p>\n<p style=\"text-align: justify;\">Po p\u0159\u00edjemn\u00e9 sn\u00eddani v\u00a0kempu, obklopen\u00e9m mohutn\u00fdmi skaln\u00edmi st\u011bnami, sbal\u00edme t\u00e1bor a vr\u00e1t\u00edme se do Yaylalaru horsk\u00fdmi stezkami (p\u0159ibli\u017en\u011b 3-4 hodiny). Ob\u011bd (ob\u011bdov\u00fd bal\u00ed\u010dek). Voln\u00fd \u010das. Ve\u010de\u0159e. P\u0159enocov\u00e1n\u00ed ve stanech nebo v penzionu.<\/p>\n<p><strong>6. den<\/strong><\/p>\n<p style=\"text-align: justify;\">Po sn\u00eddani pojedeme kr\u00e1snou p\u0159\u00edrodou do Do\u011fubayazitu, kam p\u0159ijedeme ve ve\u010dern\u00edch hodin\u00e1ch. Ob\u011bd (ob\u011bdov\u00fd bal\u00ed\u010dek). Ve\u010de\u0159e. P\u0159enocov\u00e1n\u00ed v hotelu.<\/p>\n<p><strong>7. den<\/strong><\/p>\n<p style=\"text-align: justify;\">Sn\u00eddan\u011b, n\u00e1v\u0161t\u011bva Noemovy archy. Ob\u011bd (ob\u011bdov\u00fd bal\u00ed\u010dek). V odpoledn\u00edch hodin\u00e1ch v\u00fdlet k\u00a0\u0159ece Murat, kter\u00e1 je zdrojnic\u00ed \u0159eky Eufratu, koup\u00e1n\u00ed v hork\u00fdch sirn\u00fdch pramen\u016f. Ve\u010de\u0159e &#8211; piknik zp\u00e1te\u010dn\u00ed cesta a p\u0159enocov\u00e1n\u00ed v hotelu.<\/p>\n<p><strong>8. den<\/strong><\/p>\n<p>Sn\u00eddan\u011b, transfer z\u00a0hotelu k\u00a0v\u00fdchoz\u00edmu bodu v\u00fdstupu (2.200 m), cca 4 hodinov\u00fd v\u00fdstup do z\u00e1kladn\u00edho t\u00e1bora do v\u00fd\u0161ky 3.200 m, ob\u011bdov\u00fd bal\u00ed\u010dek, zavazadla budou p\u0159evezena ko\u0148mi, ve\u010de\u0159e, p\u0159enocov\u00e1n\u00ed ve stanech.<\/p>\n<p><strong>9. den<\/strong><\/p>\n<p style=\"text-align: justify;\">Sn\u00eddan\u011b, aklimatiza\u010dn\u00ed v\u00fdstup (5 hodin) bez zavazadel. B\u011bhem t\u00fary se m\u016f\u017eete pokochat n\u00e1dhern\u00fdmi pohledy na Mal\u00fd Ararat a v\u00fdhledem do \u00cdr\u00e1nu. Ob\u011bd (ob\u011bdov\u00fd bal\u00ed\u010dek). Sestup do z\u00e1kladn\u00edho t\u00e1bora, voln\u00fd \u010das na odpo\u010dinek, ve\u010de\u0159e, p\u0159enocov\u00e1n\u00ed ve stanech.<\/p>\n<p><strong>10. den<\/strong><\/p>\n<p style=\"text-align: justify;\">Sn\u00eddan\u011b, balen\u00ed stan\u016f a cca 5 hodinov\u00fd v\u00fdstup do druh\u00e9ho v\u00fd\u0161kov\u00e9ho t\u00e1bora (4.200 m); zavazadla budou p\u0159evezena ko\u0148mi; ob\u011bd (ob\u011bdov\u00fd bal\u00ed\u010dek, ve\u010de\u0159e, kr\u00e1tk\u00fd pobyt p\u0159es noc ve stanech (stany jsou chr\u00e1n\u011bny p\u0159ed v\u011btrem ze zd\u00ed kamen\u016f).<\/p>\n<p><strong>11. den<\/strong><\/p>\n<p style=\"text-align: justify;\">Sn\u00eddan\u011b, 4 -5 hodinov\u00fd v\u00fdstup na vrchol (5.165 m). V\u00fdstup za\u010d\u00edn\u00e1 ve 3 hodiny r\u00e1no. Nejprve polezeme p\u0159es balvany, pot\u00e9 budeme pokra\u010dovat na sn\u011bhu a ledu a\u017e na vrchol, kde v z\u00e1vislosti na podm\u00ednk\u00e1ch, pou\u017eijeme ma\u010dky. Ob\u011bd (ob\u011bdov\u00fd bal\u00ed\u010dek). V\u00a0p\u0159\u00edpad\u011b dobr\u00e9ho po\u010das\u00ed, \u010das na v\u011bt\u0161\u00ed odpo\u010dinek na vrcholu. U\u017eijete si n\u00e1dhern\u00fd v\u00fdhled do Arm\u00e9nie, \u00cdr\u00e1nu, na Do\u011fubayazit a S\u00fcphan. Pot\u00e9 sestoup\u00edme do druh\u00e9ho v\u00fd\u0161kov\u00e9ho t\u00e1bora a n\u00e1sledn\u011b do z\u00e1kladn\u00edho t\u00e1bora (sestup trv\u00e1 5 \u2013 6 hodin). Ve\u010de\u0159e a oslava va\u0161eho \u00fasp\u011b\u0161n\u00e9ho dobit\u00ed vrcholu Araratu. P\u0159enocov\u00e1n\u00ed ve stanech.<\/p>\n<p><strong>12. den<\/strong><\/p>\n<p style=\"text-align: justify;\">Sn\u00eddan\u011b, sestup ze z\u00e1kladn\u00edho t\u00e1bora do Eli, transfer do Do\u011fubayazitu, ubytov\u00e1n\u00ed v\u00a0hotelu. Ob\u011bd (ob\u011bdov\u00fd bal\u00ed\u010dek). Odpoledne prohl\u00eddka fam\u00f3zn\u00edho pal\u00e1ce Ishaka Pa\u0161i s\u00a0n\u00e1dhern\u00fdm v\u00fdhledem na n\u00e1horn\u00ed plo\u0161inu a okoln\u00ed hory. Nave\u010der hamam, tradi\u010dn\u00ed ve\u010de\u0159e v\u00a0kurdsk\u00e9 rodin\u011b, p\u0159enocov\u00e1n\u00ed v\u00a0hotelu.<\/p>\n<p><strong>13. den<\/strong><\/p>\n<p style=\"text-align: justify;\">Sn\u00eddan\u011b, transfer do Vanu. Ob\u011bd (ob\u011bdov\u00fd bal\u00ed\u010dek). Odpoledne volno. Na ve\u010de\u0159i s na\u0161\u00edm horsk\u00fdm v\u016fdcem pr\u016fvodcem budete m\u00edt mo\u017enost mluvit o v\u0161ech sv\u00fdch zku\u0161enostech. P\u0159enocov\u00e1n\u00ed v hotelu.<\/p>\n<p><strong>14. den<\/strong><\/p>\n<p>Sn\u00eddan\u011b. Transfer na leti\u0161t\u011b ve Vanu.<\/p>\n<p>&nbsp;<\/p>\n<p><a href=\"https:\/\/savourturkey.com\/cz\/wp-content\/uploads\/sites\/2\/2015\/10\/ST-flower.jpg\"><img loading=\"lazy\" decoding=\"async\" class=\"alignnone size-full wp-image-145\" src=\"https:\/\/savourturkey.com\/cz\/wp-content\/uploads\/sites\/2\/2015\/10\/ST-flower.jpg\" alt=\"\" width=\"2048\" height=\"1536\" srcset=\"https:\/\/savourturkey.com\/cz\/wp-content\/uploads\/sites\/2\/2015\/10\/ST-flower.jpg 2048w, https:\/\/savourturkey.com\/cz\/wp-content\/uploads\/sites\/2\/2015\/10\/ST-flower-300x225.jpg 300w, https:\/\/savourturkey.com\/cz\/wp-content\/uploads\/sites\/2\/2015\/10\/ST-flower-1024x768.jpg 1024w\" sizes=\"auto, (max-width: 2048px) 100vw, 2048px\" \/><\/a><\/p>\n<p>&nbsp;<\/p>\n<p><strong>PRAKTICK\u00c9 INFORMACE<\/strong><\/p>\n<p>Pro v\u00fdstup na Ararat mus\u00edte b\u00fdt sezn\u00e1meni s\u00a0technikou lezen\u00ed ve sn\u011bhu s\u00a0ma\u010dkami ve v\u00fd\u0161k\u00e1ch nad 4.800 m.\u00a0Od v\u00fd\u0161ky 4.400 m se ji\u017e objevuje sn\u00edh, o 400 metr\u016f d\u00e1l za\u010d\u00edn\u00e1 ledovec.<\/p>\n<p>&nbsp;<\/p>\n<p><strong>CENA:<\/strong> na vy\u017e\u00e1d\u00e1n\u00ed<\/p>\n<p>&nbsp;<\/p>\n<p><strong>CENA OBSAHUJE:<\/strong><\/p>\n<p>Transfer z leti\u0161t\u011b z\u00a0Erzurumu, transfer na leti\u0161t\u011b ve Vanu<\/p>\n<p>Dopravu b\u011bhem pobytu<\/p>\n<p>4x nocleh v\u00a0hotelu (dvoul\u016f\u017ekov\u00e9 pokoje s\u00a0vlastn\u00ed sprchou a toaletou) p\u0159\u00edpadn\u011b plus 2x nocleh v penzionu<\/p>\n<p>Stravov\u00e1n\u00ed (sn\u00eddan\u011b, ob\u011bdov\u00e9 bal\u00ed\u010dky, tepl\u00e9 ve\u010de\u0159e, n\u00e1poje \u2013 all inclusive)<\/p>\n<p>Povolen\u00ed pro v\u00fdstup na Ka\u00e7kar<\/p>\n<p>Povolen\u00ed tureck\u00e9 vl\u00e1dy pro v\u00fdstup na Ararat<\/p>\n<p>Vstupn\u00e9 do n\u00e1rodn\u00ed parku Ararat<\/p>\n<p>Licencovan\u00e9ho kurdsk\u00e9ho horsk\u00e9ho v\u016fdce mluv\u00edc\u00edho anglicky nebo n\u011bmecky<\/p>\n<p>Vstupn\u00e9 do hamamu<\/p>\n<p>Kurdsk\u00e9ho kucha\u0159e<\/p>\n<p>Dopravu zavazadel na kon\u00edch od v\u00fdchoz\u00edho bodu v\u00fdstupu a\u017e do druh\u00e9ho v\u00fd\u0161kov\u00e9ho t\u00e1bora<\/p>\n<p>Stan pro dv\u011b osoby v\u010detn\u011b dvou karimatek (stan pro jednu osoba je mo\u017en\u00fd za p\u0159\u00edplatek)<\/p>\n<p>&nbsp;<\/p>\n<p><img loading=\"lazy\" decoding=\"async\" class=\"alignnone wp-image-388\" src=\"https:\/\/savourturkey.com\/cz\/wp-content\/uploads\/sites\/2\/2015\/11\/729.jpg\" alt=\"\" width=\"1280\" height=\"960\" srcset=\"https:\/\/savourturkey.com\/cz\/wp-content\/uploads\/sites\/2\/2015\/11\/729.jpg 1280w, https:\/\/savourturkey.com\/cz\/wp-content\/uploads\/sites\/2\/2015\/11\/729-300x225.jpg 300w, https:\/\/savourturkey.com\/cz\/wp-content\/uploads\/sites\/2\/2015\/11\/729-1024x768.jpg 1024w\" sizes=\"auto, (max-width: 1280px) 100vw, 1280px\" \/><\/p>\n<p>&nbsp;<\/p>\n<p><strong>CENA NEOBSAHUJE:<\/strong><\/p>\n<p>Letenku<\/p>\n<p>Zdravotn\u00ed a jin\u00e1 poji\u0161t\u011bn\u00ed<\/p>\n<p>Alkoholick\u00e9 n\u00e1poje<\/p>\n<p>Spropitn\u00e9 pro pr\u016fvodce<\/p>\n<p>&nbsp;<\/p>\n<p>&nbsp;<\/p>\n<p><strong>INFORMACE A REZERVACE<\/strong><\/p>\n<p>e-mail: savourturkey@gmail.com<\/p>\n<p>tel. 603 520 697<\/p>\n<p>&nbsp;<\/p>\n","protected":false},"excerpt":{"rendered":"<p>&nbsp; &nbsp; D\u00e9lka programu: 14 dn\u00ed &nbsp; Term\u00edn: kv\u011bten &#8211; z\u00e1\u0159\u00ed &nbsp; Podm\u00ednky realizace: Skupina minim\u00e1ln\u011b 8 lid\u00ed. Je-li v\u00e1s men\u0161\u00ed po\u010det osob, napi\u0161te n\u00e1m. &nbsp; POD\u00cdVEJTE SE NA MAPU, NA M\u00cdSTO NA\u0160\u00cd CESTY &nbsp; PROGRAM Pozn\u00e1me panenskou kr\u00e1su poho\u0159\u00ed\u00a0Ka\u00e7karu&hellip; <\/p>\n","protected":false},"author":1,"featured_media":0,"parent":34,"menu_order":0,"comment_status":"closed","ping_status":"closed","template":"","meta":{"_acf_changed":false,"footnotes":""},"tags":[17,539,527,526,21,528,535,63,59,534,532,20,13,536,537,538,34,533,525,60],"class_list":["post-225","page","type-page","status-publish","hentry","tag-ararat","tag-ararat-noemova-archa","tag-ararat-turecko","tag-ararat-zajezd","tag-dogubayazit","tag-horsky-vudce-ararat","tag-horsky-vudce-kackar","tag-ishak-pasa","tag-kackar","tag-kackar-turecko","tag-kackar-zajezd","tag-savour-turkey","tag-turecko","tag-turecko-poznavaci-dovolena","tag-turecko-turistika","tag-turecko-zajezdy","tag-van","tag-vystup-kackar","tag-vystup-na-ararat","tag-yaylalar"],"acf":[],"_links":{"self":[{"href":"https:\/\/savourturkey.com\/cz\/wp-json\/wp\/v2\/pages\/225","targetHints":{"allow":["GET"]}}],"collection":[{"href":"https:\/\/savourturkey.com\/cz\/wp-json\/wp\/v2\/pages"}],"about":[{"href":"https:\/\/savourturkey.com\/cz\/wp-json\/wp\/v2\/types\/page"}],"author":[{"embeddable":true,"href":"https:\/\/savourturkey.com\/cz\/wp-json\/wp\/v2\/users\/1"}],"replies":[{"embeddable":true,"href":"https:\/\/savourturkey.com\/cz\/wp-json\/wp\/v2\/comments?post=225"}],"version-history":[{"count":21,"href":"https:\/\/savourturkey.com\/cz\/wp-json\/wp\/v2\/pages\/225\/revisions"}],"predecessor-version":[{"id":988,"href":"https:\/\/savourturkey.com\/cz\/wp-json\/wp\/v2\/pages\/225\/revisions\/988"}],"up":[{"embeddable":true,"href":"https:\/\/savourturkey.com\/cz\/wp-json\/wp\/v2\/pages\/34"}],"wp:attachment":[{"href":"https:\/\/savourturkey.com\/cz\/wp-json\/wp\/v2\/media?parent=225"}],"wp:term":[{"taxonomy":"post_tag","embeddable":true,"href":"https:\/\/savourturkey.com\/cz\/wp-json\/wp\/v2\/tags?post=225"}],"curies":[{"name":"wp","href":"https:\/\/api.w.org\/{rel}","templated":true}]}}